{"id":2922,"date":"2024-12-03T14:35:47","date_gmt":"2024-12-03T19:35:47","guid":{"rendered":"https:\/\/dancemosjuntos.org\/Home\/?page_id=2922"},"modified":"2025-11-14T15:36:26","modified_gmt":"2025-11-14T20:36:26","slug":"encuentro-nacional-apbc-red-dancemos-juntos-2024","status":"publish","type":"page","link":"https:\/\/dancemosjuntos.org\/Home\/encuentro-nacional-apbc-red-dancemos-juntos-2024\/","title":{"rendered":"Encuentro Nacional APBC Red Dancemos Juntos 2024"},"content":{"rendered":"\t\t<div data-elementor-type=\"wp-page\" data-elementor-id=\"2922\" class=\"elementor elementor-2922\" data-elementor-post-type=\"page\">\n\t\t\t\t\t\t<section class=\"elementor-section elementor-top-section elementor-element elementor-element-ed84c5d elementor-section-boxed elementor-section-height-default elementor-section-height-default wpr-particle-no wpr-jarallax-no wpr-parallax-no wpr-sticky-section-no wpr-equal-height-no\" data-id=\"ed84c5d\" data-element_type=\"section\" data-e-type=\"section\">\n\t\t\t\t\t\t<div class=\"elementor-container elementor-column-gap-default\">\n\t\t\t\t\t<div class=\"elementor-column elementor-col-100 elementor-top-column elementor-element elementor-element-58df0df\" data-id=\"58df0df\" data-element_type=\"column\" data-e-type=\"column\">\n\t\t\t<div class=\"elementor-widget-wrap elementor-element-populated\">\n\t\t\t\t\t\t<div class=\"elementor-element elementor-element-ea7c823 elementor-widget elementor-widget-text-editor\" data-id=\"ea7c823\" data-element_type=\"widget\" data-e-type=\"widget\" data-widget_type=\"text-editor.default\">\n\t\t\t\t<div class=\"elementor-widget-container\">\n\t\t\t\t\t\t\t\t\t<h1 style=\"text-align: center;\">Encuentro Nacional APBC Red Dancemos Juntos 2024: Celebrando un A\u00f1o de Transformaci\u00f3n y Conexi\u00f3n<\/h1>\t\t\t\t\t\t\t\t<\/div>\n\t\t\t\t<\/div>\n\t\t\t\t<div class=\"elementor-element elementor-element-c9f6c53 elementor-widget elementor-widget-text-editor\" data-id=\"c9f6c53\" data-element_type=\"widget\" data-e-type=\"widget\" data-widget_type=\"text-editor.default\">\n\t\t\t\t<div class=\"elementor-widget-container\">\n\t\t\t\t\t\t\t\t\t<p>El pasado <strong>23 de noviembre de 2024<\/strong>, la <strong>Asociaci\u00f3n de Profesores de Biodanza de Colombia (APBC)<\/strong> vivi\u00f3 un d\u00eda lleno de energ\u00eda, alegr\u00eda y conexi\u00f3n en el <strong>Encuentro Nacional APBC Red Dancemos Juntos 2024<\/strong>, realizado en el <strong>CIEC Bogot\u00e1 \u2013 Sal\u00f3n 2<\/strong>.<\/p><h4><img decoding=\"async\" class=\"emoji\" role=\"img\" draggable=\"false\" src=\"https:\/\/s.w.org\/images\/core\/emoji\/15.0.3\/svg\/1f31f.svg\" alt=\"\ud83c\udf1f\" \/> Un Encuentro Exitoso<\/h4><p>Con la participaci\u00f3n de <strong>m\u00e1s de 40 personas<\/strong>, el evento fue un rotundo \u00e9xito que dej\u00f3 huella en nuestra comunidad. Tuvimos la oportunidad de <strong>danzar juntos<\/strong>, compartiendo el lenguaje universal del movimiento, que fortalece los lazos entre biodanzantes y genera un espacio de conexi\u00f3n humana profunda.<\/p><p>Este encuentro no solo fue una celebraci\u00f3n de los logros alcanzados en el 2024, sino tambi\u00e9n un momento de inspiraci\u00f3n para so\u00f1ar juntos el futuro de la <strong>biodanza en Colombia<\/strong>.<\/p><h4><img decoding=\"async\" class=\"emoji\" role=\"img\" draggable=\"false\" src=\"https:\/\/s.w.org\/images\/core\/emoji\/15.0.3\/svg\/1f3af.svg\" alt=\"\ud83c\udfaf\" \/> Resultados de la Beca Idartes<\/h4><p>Uno de los momentos m\u00e1s destacados del evento fue la presentaci\u00f3n de los resultados de la <strong>Beca Idartes<\/strong> otorgada a la APBC. Durante este a\u00f1o, la beca permiti\u00f3 a nuestra asociaci\u00f3n:<\/p><ul><li><strong>Fortalecer la red APBC<\/strong>: Ampliando las conexiones entre profesores, practicantes y comunidades.<\/li><li><strong>Implementar proyectos significativos<\/strong>: Intervenciones que llevaron la educaci\u00f3n bioc\u00e9ntrica a nuevos sectores, generando bienestar y transformaci\u00f3n social.<\/li><li><strong>Promover la profesionalizaci\u00f3n de la biodanza<\/strong>: Posicion\u00e1ndola como una disciplina reconocida en el \u00e1mbito art\u00edstico, educativo y empresarial.<\/li><\/ul><div>\u00a0<\/div><p>Este espacio permiti\u00f3 reflexionar sobre el impacto de nuestras acciones en diversos sectores como la salud, la educaci\u00f3n, el empresarial y el comunitario. Tambi\u00e9n se proyectaron ideas para continuar expandiendo el alcance de la biodanza en los a\u00f1os venideros.<\/p><h4><img decoding=\"async\" class=\"emoji\" role=\"img\" draggable=\"false\" src=\"https:\/\/s.w.org\/images\/core\/emoji\/15.0.3\/svg\/1f91d.svg\" alt=\"\ud83e\udd1d\" \/> Fortaleciendo la Comunidad<\/h4><p>El Encuentro Nacional fue un verdadero tejido de historias, experiencias y aprendizajes compartidos. Cada participante aport\u00f3 desde su visi\u00f3n y vivencias, lo que nos record\u00f3 la riqueza de nuestra comunidad y la importancia de continuar trabajando juntos.<\/p><p>Adem\u00e1s, fue una oportunidad para reconocer y agradecer el esfuerzo colectivo que ha hecho posible los avances de este a\u00f1o, as\u00ed como para renovar nuestro compromiso con la <strong>transformaci\u00f3n social a trav\u00e9s de la biodanza<\/strong>.<\/p><h4><img decoding=\"async\" class=\"emoji\" role=\"img\" draggable=\"false\" src=\"https:\/\/s.w.org\/images\/core\/emoji\/15.0.3\/svg\/1f4f8.svg\" alt=\"\ud83d\udcf8\" \/> Revive los Momentos<\/h4><p>A continuaci\u00f3n, compartimos algunas de las im\u00e1genes m\u00e1s memorables del encuentro. Cada fotograf\u00eda refleja la magia y la conexi\u00f3n que vivimos juntos en este d\u00eda tan especial.<\/p>\t\t\t\t\t\t\t\t<\/div>\n\t\t\t\t<\/div>\n\t\t\t\t<div class=\"elementor-element elementor-element-7282dab elementor-arrows-position-inside elementor-pagination-position-outside elementor-widget elementor-widget-image-carousel\" data-id=\"7282dab\" data-element_type=\"widget\" data-e-type=\"widget\" data-settings=\"{&quot;navigation&quot;:&quot;both&quot;,&quot;autoplay&quot;:&quot;yes&quot;,&quot;pause_on_hover&quot;:&quot;yes&quot;,&quot;pause_on_interaction&quot;:&quot;yes&quot;,&quot;autoplay_speed&quot;:5000,&quot;infinite&quot;:&quot;yes&quot;,&quot;speed&quot;:500}\" data-widget_type=\"image-carousel.default\">\n\t\t\t\t<div class=\"elementor-widget-container\">\n\t\t\t\t\t\t\t<div class=\"elementor-image-carousel-wrapper swiper\" role=\"region\" aria-roledescription=\"carousel\" aria-label=\"Carrusel de im\u00e1genes\" dir=\"ltr\">\n\t\t\t<div class=\"elementor-image-carousel swiper-wrapper\" aria-live=\"off\">\n\t\t\t\t\t\t\t\t<div class=\"swiper-slide\" role=\"group\" aria-roledescription=\"slide\" aria-label=\"1 de 9\"><a data-elementor-open-lightbox=\"yes\" data-elementor-lightbox-slideshow=\"7282dab\" data-elementor-lightbox-title=\"20241123_165535-1\" data-e-action-hash=\"#elementor-action%3Aaction%3Dlightbox%26settings%3DeyJpZCI6MjkyMCwidXJsIjoiaHR0cHM6XC9cL2RhbmNlbW9zanVudG9zLm9yZ1wvSG9tZVwvd3AtY29udGVudFwvdXBsb2Fkc1wvMjAyNFwvMTJcLzIwMjQxMTIzXzE2NTUzNS0xLXNjYWxlZC5qcGciLCJzbGlkZXNob3ciOiI3MjgyZGFiIn0%3D\" href=\"https:\/\/dancemosjuntos.org\/Home\/wp-content\/uploads\/2024\/12\/20241123_165535-1-scaled.jpg\"><figure class=\"swiper-slide-inner\"><img decoding=\"async\" class=\"swiper-slide-image\" src=\"https:\/\/dancemosjuntos.org\/Home\/wp-content\/uploads\/2024\/12\/20241123_165535-1-1024x702.jpg\" alt=\"20241123_165535-1\" \/><\/figure><\/a><\/div><div class=\"swiper-slide\" role=\"group\" aria-roledescription=\"slide\" aria-label=\"2 de 9\"><a data-elementor-open-lightbox=\"yes\" data-elementor-lightbox-slideshow=\"7282dab\" data-elementor-lightbox-title=\"20241123_122302\" data-e-action-hash=\"#elementor-action%3Aaction%3Dlightbox%26settings%3DeyJpZCI6MjkyNywidXJsIjoiaHR0cHM6XC9cL2RhbmNlbW9zanVudG9zLm9yZ1wvSG9tZVwvd3AtY29udGVudFwvdXBsb2Fkc1wvMjAyNFwvMTJcLzIwMjQxMTIzXzEyMjMwMi1zY2FsZWQuanBnIiwic2xpZGVzaG93IjoiNzI4MmRhYiJ9\" href=\"https:\/\/dancemosjuntos.org\/Home\/wp-content\/uploads\/2024\/12\/20241123_122302-scaled.jpg\"><figure class=\"swiper-slide-inner\"><img decoding=\"async\" class=\"swiper-slide-image\" src=\"https:\/\/dancemosjuntos.org\/Home\/wp-content\/uploads\/2024\/12\/20241123_122302-1024x478.jpg\" alt=\"20241123_122302\" \/><\/figure><\/a><\/div><div class=\"swiper-slide\" role=\"group\" aria-roledescription=\"slide\" aria-label=\"3 de 9\"><a data-elementor-open-lightbox=\"yes\" data-elementor-lightbox-slideshow=\"7282dab\" data-elementor-lightbox-title=\"20241123_151910\" data-e-action-hash=\"#elementor-action%3Aaction%3Dlightbox%26settings%3DeyJpZCI6MjkyOCwidXJsIjoiaHR0cHM6XC9cL2RhbmNlbW9zanVudG9zLm9yZ1wvSG9tZVwvd3AtY29udGVudFwvdXBsb2Fkc1wvMjAyNFwvMTJcLzIwMjQxMTIzXzE1MTkxMC1zY2FsZWQuanBnIiwic2xpZGVzaG93IjoiNzI4MmRhYiJ9\" href=\"https:\/\/dancemosjuntos.org\/Home\/wp-content\/uploads\/2024\/12\/20241123_151910-scaled.jpg\"><figure class=\"swiper-slide-inner\"><img decoding=\"async\" class=\"swiper-slide-image\" src=\"https:\/\/dancemosjuntos.org\/Home\/wp-content\/uploads\/2024\/12\/20241123_151910-1024x478.jpg\" alt=\"20241123_151910\" \/><\/figure><\/a><\/div><div class=\"swiper-slide\" role=\"group\" aria-roledescription=\"slide\" aria-label=\"4 de 9\"><a data-elementor-open-lightbox=\"yes\" data-elementor-lightbox-slideshow=\"7282dab\" data-elementor-lightbox-title=\"20241123_165535-1\" data-e-action-hash=\"#elementor-action%3Aaction%3Dlightbox%26settings%3DeyJpZCI6MjkyOSwidXJsIjoiaHR0cHM6XC9cL2RhbmNlbW9zanVudG9zLm9yZ1wvSG9tZVwvd3AtY29udGVudFwvdXBsb2Fkc1wvMjAyNFwvMTJcLzIwMjQxMTIzXzE2NTUzNS0xLTEtc2NhbGVkLmpwZyIsInNsaWRlc2hvdyI6IjcyODJkYWIifQ%3D%3D\" href=\"https:\/\/dancemosjuntos.org\/Home\/wp-content\/uploads\/2024\/12\/20241123_165535-1-1-scaled.jpg\"><figure class=\"swiper-slide-inner\"><img decoding=\"async\" class=\"swiper-slide-image\" src=\"https:\/\/dancemosjuntos.org\/Home\/wp-content\/uploads\/2024\/12\/20241123_165535-1-1-1024x702.jpg\" alt=\"20241123_165535-1\" \/><\/figure><\/a><\/div><div class=\"swiper-slide\" role=\"group\" aria-roledescription=\"slide\" aria-label=\"5 de 9\"><a data-elementor-open-lightbox=\"yes\" data-elementor-lightbox-slideshow=\"7282dab\" data-elementor-lightbox-title=\"20241123_171319-1\" data-e-action-hash=\"#elementor-action%3Aaction%3Dlightbox%26settings%3DeyJpZCI6MjkzMCwidXJsIjoiaHR0cHM6XC9cL2RhbmNlbW9zanVudG9zLm9yZ1wvSG9tZVwvd3AtY29udGVudFwvdXBsb2Fkc1wvMjAyNFwvMTJcLzIwMjQxMTIzXzE3MTMxOS0xLmpwZyIsInNsaWRlc2hvdyI6IjcyODJkYWIifQ%3D%3D\" href=\"https:\/\/dancemosjuntos.org\/Home\/wp-content\/uploads\/2024\/12\/20241123_171319-1.jpg\"><figure class=\"swiper-slide-inner\"><img decoding=\"async\" class=\"swiper-slide-image\" src=\"https:\/\/dancemosjuntos.org\/Home\/wp-content\/uploads\/2024\/12\/20241123_171319-1-1024x751.jpg\" alt=\"20241123_171319-1\" \/><\/figure><\/a><\/div><div class=\"swiper-slide\" role=\"group\" aria-roledescription=\"slide\" aria-label=\"6 de 9\"><a data-elementor-open-lightbox=\"yes\" data-elementor-lightbox-slideshow=\"7282dab\" data-elementor-lightbox-title=\"IMG-20241123-WA0056\" data-e-action-hash=\"#elementor-action%3Aaction%3Dlightbox%26settings%3DeyJpZCI6MjkzMSwidXJsIjoiaHR0cHM6XC9cL2RhbmNlbW9zanVudG9zLm9yZ1wvSG9tZVwvd3AtY29udGVudFwvdXBsb2Fkc1wvMjAyNFwvMTJcL0lNRy0yMDI0MTEyMy1XQTAwNTYuanBnIiwic2xpZGVzaG93IjoiNzI4MmRhYiJ9\" href=\"https:\/\/dancemosjuntos.org\/Home\/wp-content\/uploads\/2024\/12\/IMG-20241123-WA0056.jpg\"><figure class=\"swiper-slide-inner\"><img decoding=\"async\" class=\"swiper-slide-image\" src=\"https:\/\/dancemosjuntos.org\/Home\/wp-content\/uploads\/2024\/12\/IMG-20241123-WA0056-1024x768.jpg\" alt=\"IMG-20241123-WA0056\" \/><\/figure><\/a><\/div><div class=\"swiper-slide\" role=\"group\" aria-roledescription=\"slide\" aria-label=\"7 de 9\"><a data-elementor-open-lightbox=\"yes\" data-elementor-lightbox-slideshow=\"7282dab\" data-elementor-lightbox-title=\"20241123_092731\" data-e-action-hash=\"#elementor-action%3Aaction%3Dlightbox%26settings%3DeyJpZCI6MjkzMiwidXJsIjoiaHR0cHM6XC9cL2RhbmNlbW9zanVudG9zLm9yZ1wvSG9tZVwvd3AtY29udGVudFwvdXBsb2Fkc1wvMjAyNFwvMTJcLzIwMjQxMTIzXzA5MjczMS1zY2FsZWQuanBnIiwic2xpZGVzaG93IjoiNzI4MmRhYiJ9\" href=\"https:\/\/dancemosjuntos.org\/Home\/wp-content\/uploads\/2024\/12\/20241123_092731-scaled.jpg\"><figure class=\"swiper-slide-inner\"><img decoding=\"async\" class=\"swiper-slide-image\" src=\"https:\/\/dancemosjuntos.org\/Home\/wp-content\/uploads\/2024\/12\/20241123_092731-1024x478.jpg\" alt=\"Impacto social proyectos APBC en video\" \/><\/figure><\/a><\/div><div class=\"swiper-slide\" role=\"group\" aria-roledescription=\"slide\" aria-label=\"8 de 9\"><a data-elementor-open-lightbox=\"yes\" data-elementor-lightbox-slideshow=\"7282dab\" data-elementor-lightbox-title=\"20241123_092753-1\" data-e-action-hash=\"#elementor-action%3Aaction%3Dlightbox%26settings%3DeyJpZCI6MjkzMywidXJsIjoiaHR0cHM6XC9cL2RhbmNlbW9zanVudG9zLm9yZ1wvSG9tZVwvd3AtY29udGVudFwvdXBsb2Fkc1wvMjAyNFwvMTJcLzIwMjQxMTIzXzA5Mjc1My0xLXNjYWxlZC5qcGciLCJzbGlkZXNob3ciOiI3MjgyZGFiIn0%3D\" href=\"https:\/\/dancemosjuntos.org\/Home\/wp-content\/uploads\/2024\/12\/20241123_092753-1-scaled.jpg\"><figure class=\"swiper-slide-inner\"><img decoding=\"async\" class=\"swiper-slide-image\" src=\"https:\/\/dancemosjuntos.org\/Home\/wp-content\/uploads\/2024\/12\/20241123_092753-1-1024x145.jpg\" alt=\"20241123_092753-1\" \/><\/figure><\/a><\/div><div class=\"swiper-slide\" role=\"group\" aria-roledescription=\"slide\" aria-label=\"9 de 9\"><a data-elementor-open-lightbox=\"yes\" data-elementor-lightbox-slideshow=\"7282dab\" data-elementor-lightbox-title=\"20241123_112444\" data-e-action-hash=\"#elementor-action%3Aaction%3Dlightbox%26settings%3DeyJpZCI6MjkzNCwidXJsIjoiaHR0cHM6XC9cL2RhbmNlbW9zanVudG9zLm9yZ1wvSG9tZVwvd3AtY29udGVudFwvdXBsb2Fkc1wvMjAyNFwvMTJcLzIwMjQxMTIzXzExMjQ0NC1zY2FsZWQuanBnIiwic2xpZGVzaG93IjoiNzI4MmRhYiJ9\" href=\"https:\/\/dancemosjuntos.org\/Home\/wp-content\/uploads\/2024\/12\/20241123_112444-scaled.jpg\"><figure class=\"swiper-slide-inner\"><img decoding=\"async\" class=\"swiper-slide-image\" src=\"https:\/\/dancemosjuntos.org\/Home\/wp-content\/uploads\/2024\/12\/20241123_112444-1024x478.jpg\" alt=\"20241123_112444\" \/><\/figure><\/a><\/div>\t\t\t<\/div>\n\t\t\t\t\t\t\t\t\t\t\t\t<div class=\"elementor-swiper-button elementor-swiper-button-prev\" role=\"button\" tabindex=\"0\">\n\t\t\t\t\t\t<svg aria-hidden=\"true\" class=\"e-font-icon-svg e-eicon-chevron-left\" viewBox=\"0 0 1000 1000\" xmlns=\"http:\/\/www.w3.org\/2000\/svg\"><path d=\"M646 125C629 125 613 133 604 142L308 442C296 454 292 471 292 487 292 504 296 521 308 533L604 854C617 867 629 875 646 875 663 875 679 871 692 858 704 846 713 829 713 812 713 796 708 779 692 767L438 487 692 225C700 217 708 204 708 187 708 171 704 154 692 142 675 129 663 125 646 125Z\"><\/path><\/svg>\t\t\t\t\t<\/div>\n\t\t\t\t\t<div class=\"elementor-swiper-button elementor-swiper-button-next\" role=\"button\" tabindex=\"0\">\n\t\t\t\t\t\t<svg aria-hidden=\"true\" class=\"e-font-icon-svg e-eicon-chevron-right\" viewBox=\"0 0 1000 1000\" xmlns=\"http:\/\/www.w3.org\/2000\/svg\"><path d=\"M696 533C708 521 713 504 713 487 713 471 708 454 696 446L400 146C388 133 375 125 354 125 338 125 325 129 313 142 300 154 292 171 292 187 292 204 296 221 308 233L563 492 304 771C292 783 288 800 288 817 288 833 296 850 308 863 321 871 338 875 354 875 371 875 388 867 400 854L696 533Z\"><\/path><\/svg>\t\t\t\t\t<\/div>\n\t\t\t\t\n\t\t\t\t\t\t\t\t\t<div class=\"swiper-pagination\"><\/div>\n\t\t\t\t\t\t\t\t\t<\/div>\n\t\t\t\t\t\t<\/div>\n\t\t\t\t<\/div>\n\t\t\t\t<div class=\"elementor-element elementor-element-8a4dd01 elementor-widget elementor-widget-text-editor\" data-id=\"8a4dd01\" data-element_type=\"widget\" data-e-type=\"widget\" data-widget_type=\"text-editor.default\">\n\t\t\t\t<div class=\"elementor-widget-container\">\n\t\t\t\t\t\t\t\t\t<h4>\u00a0<\/h4><h4>\ud83c\udf08 \u00a1Gracias por ser parte de esta experiencia!<\/h4><p>Agradecemos profundamente a cada uno de los asistentes y a todos los que han apoyado nuestra labor durante este a\u00f1o. Este encuentro no solo cierra un ciclo, sino que abre las puertas a nuevas posibilidades para la <strong>APBC Red Dancemos Juntos<\/strong> y para el futuro de la biodanza en Colombia.<\/p><p>Sigamos danzando, conectando y construyendo un mundo m\u00e1s humano, sensible y lleno de vida.<\/p><p><strong>\u00abJuntos celebramos la vida, la danza y los sue\u00f1os cumplidos.\u00bb<\/strong><br \/>Equipo APBC<\/p>\t\t\t\t\t\t\t\t<\/div>\n\t\t\t\t<\/div>\n\t\t\t\t\t<\/div>\n\t\t<\/div>\n\t\t\t\t\t<\/div>\n\t\t<\/section>\n\t\t\t\t<\/div>\n\t\t","protected":false},"excerpt":{"rendered":"<p>Encuentro Nacional APBC Red Dancemos Juntos 2024: Celebrando un A\u00f1o de Transformaci\u00f3n y Conexi\u00f3n El pasado 23 de noviembre de 2024, la Asociaci\u00f3n de Profesores de Biodanza de Colombia (APBC) vivi\u00f3 un d\u00eda lleno de energ\u00eda, alegr\u00eda y conexi\u00f3n en el Encuentro Nacional APBC Red Dancemos Juntos 2024, realizado en el CIEC Bogot\u00e1 \u2013 Sal\u00f3n 2. Un Encuentro Exitoso Con la participaci\u00f3n de m\u00e1s de 40 personas, el evento fue un rotundo \u00e9xito que dej\u00f3 huella en nuestra comunidad. Tuvimos la oportunidad de danzar juntos, compartiendo el lenguaje universal del movimiento, que fortalece los lazos entre biodanzantes y genera un espacio de conexi\u00f3n humana profunda. Este encuentro no solo fue una celebraci\u00f3n de los logros alcanzados en el 2024, sino tambi\u00e9n un momento de inspiraci\u00f3n para so\u00f1ar juntos el futuro de la biodanza en Colombia. Resultados de la Beca Idartes Uno de los momentos m\u00e1s destacados del evento fue la presentaci\u00f3n de los resultados de la Beca Idartes otorgada a la APBC. Durante este a\u00f1o, la beca permiti\u00f3 a nuestra asociaci\u00f3n: Fortalecer la red APBC: Ampliando las conexiones entre profesores, practicantes y comunidades. Implementar proyectos significativos: Intervenciones que llevaron la educaci\u00f3n bioc\u00e9ntrica a nuevos sectores, generando bienestar y transformaci\u00f3n social. Promover la profesionalizaci\u00f3n de la biodanza: Posicion\u00e1ndola como una disciplina reconocida en el \u00e1mbito art\u00edstico, educativo y empresarial. \u00a0 Este espacio permiti\u00f3 reflexionar sobre el impacto de nuestras acciones en diversos sectores como la salud, la educaci\u00f3n, el empresarial y el comunitario. Tambi\u00e9n se proyectaron ideas para continuar expandiendo el alcance de la biodanza en los a\u00f1os venideros. Fortaleciendo la Comunidad El Encuentro Nacional fue un verdadero tejido de historias, experiencias y aprendizajes compartidos. Cada participante aport\u00f3 desde su visi\u00f3n y vivencias, lo que nos record\u00f3 la riqueza de nuestra comunidad y la importancia de continuar trabajando juntos. Adem\u00e1s, fue una oportunidad para reconocer y agradecer el esfuerzo colectivo que ha hecho posible los avances de este a\u00f1o, as\u00ed como para renovar nuestro compromiso con la transformaci\u00f3n social a trav\u00e9s de la biodanza. Revive los Momentos A continuaci\u00f3n, compartimos algunas de las im\u00e1genes m\u00e1s memorables del encuentro. Cada fotograf\u00eda refleja la magia y la conexi\u00f3n que vivimos juntos en este d\u00eda tan especial. \u00a0 \ud83c\udf08 \u00a1Gracias por ser parte de esta experiencia! Agradecemos profundamente a cada uno de los asistentes y a todos los que han apoyado nuestra labor durante este a\u00f1o. Este encuentro no solo cierra un ciclo, sino que abre las puertas a nuevas posibilidades para la APBC Red Dancemos Juntos y para el futuro de la biodanza en Colombia. Sigamos danzando, conectando y construyendo un mundo m\u00e1s humano, sensible y lleno de vida. \u00abJuntos celebramos la vida, la danza y los sue\u00f1os cumplidos.\u00bbEquipo APBC<\/p>\n","protected":false},"author":1,"featured_media":0,"parent":0,"menu_order":0,"comment_status":"closed","ping_status":"closed","template":"","meta":{"site-sidebar-layout":"default","site-content-layout":"","ast-site-content-layout":"default","site-content-style":"default","site-sidebar-style":"default","ast-global-header-display":"","ast-banner-title-visibility":"","ast-main-header-display":"","ast-hfb-above-header-display":"","ast-hfb-below-header-display":"","ast-hfb-mobile-header-display":"","site-post-title":"","ast-breadcrumbs-content":"","ast-featured-img":"","footer-sml-layout":"","ast-disable-related-posts":"","theme-transparent-header-meta":"","adv-header-id-meta":"","stick-header-meta":"","header-above-stick-meta":"","header-main-stick-meta":"","header-below-stick-meta":"","astra-migrate-meta-layouts":"default","ast-page-background-enabled":"default","ast-page-background-meta":{"desktop":{"background-color":"var(--ast-global-color-4)","background-image":"","background-repeat":"repeat","background-position":"center center","background-size":"auto","background-attachment":"scroll","background-type":"","background-media":"","overlay-type":"","overlay-color":"","overlay-opacity":"","overlay-gradient":""},"tablet":{"background-color":"","background-image":"","background-repeat":"repeat","background-position":"center center","background-size":"auto","background-attachment":"scroll","background-type":"","background-media":"","overlay-type":"","overlay-color":"","overlay-opacity":"","overlay-gradient":""},"mobile":{"background-color":"","background-image":"","background-repeat":"repeat","background-position":"center center","background-size":"auto","background-attachment":"scroll","background-type":"","background-media":"","overlay-type":"","overlay-color":"","overlay-opacity":"","overlay-gradient":""}},"ast-content-background-meta":{"desktop":{"background-color":"var(--ast-global-color-5)","background-image":"","background-repeat":"repeat","background-position":"center center","background-size":"auto","background-attachment":"scroll","background-type":"","background-media":"","overlay-type":"","overlay-color":"","overlay-opacity":"","overlay-gradient":""},"tablet":{"background-color":"var(--ast-global-color-5)","background-image":"","background-repeat":"repeat","background-position":"center center","background-size":"auto","background-attachment":"scroll","background-type":"","background-media":"","overlay-type":"","overlay-color":"","overlay-opacity":"","overlay-gradient":""},"mobile":{"background-color":"var(--ast-global-color-5)","background-image":"","background-repeat":"repeat","background-position":"center center","background-size":"auto","background-attachment":"scroll","background-type":"","background-media":"","overlay-type":"","overlay-color":"","overlay-opacity":"","overlay-gradient":""}},"footnotes":""},"class_list":["post-2922","page","type-page","status-publish","hentry"],"yoast_head":"<!-- This site is optimized with the Yoast SEO plugin v27.4 - https:\/\/yoast.com\/product\/yoast-seo-wordpress\/ -->\n<title>Encuentro Nacional APBC Red Dancemos Juntos 2024 - APBC Red Dancemos Juntos<\/title>\n<meta name=\"robots\" content=\"index, follow, max-snippet:-1, max-image-preview:large, max-video-preview:-1\" \/>\n<link rel=\"canonical\" href=\"https:\/\/dancemosjuntos.org\/Home\/encuentro-nacional-apbc-red-dancemos-juntos-2024\/\" \/>\n<meta property=\"og:locale\" content=\"es_ES\" \/>\n<meta property=\"og:type\" content=\"article\" \/>\n<meta property=\"og:title\" content=\"Encuentro Nacional APBC Red Dancemos Juntos 2024 - APBC Red Dancemos Juntos\" \/>\n<meta property=\"og:description\" content=\"Encuentro Nacional APBC Red Dancemos Juntos 2024: Celebrando un A\u00f1o de Transformaci\u00f3n y Conexi\u00f3n El pasado 23 de noviembre de 2024, la Asociaci\u00f3n de Profesores de Biodanza de Colombia (APBC) vivi\u00f3 un d\u00eda lleno de energ\u00eda, alegr\u00eda y conexi\u00f3n en el Encuentro Nacional APBC Red Dancemos Juntos 2024, realizado en el CIEC Bogot\u00e1 \u2013 Sal\u00f3n 2. Un Encuentro Exitoso Con la participaci\u00f3n de m\u00e1s de 40 personas, el evento fue un rotundo \u00e9xito que dej\u00f3 huella en nuestra comunidad. Tuvimos la oportunidad de danzar juntos, compartiendo el lenguaje universal del movimiento, que fortalece los lazos entre biodanzantes y genera un espacio de conexi\u00f3n humana profunda. Este encuentro no solo fue una celebraci\u00f3n de los logros alcanzados en el 2024, sino tambi\u00e9n un momento de inspiraci\u00f3n para so\u00f1ar juntos el futuro de la biodanza en Colombia. Resultados de la Beca Idartes Uno de los momentos m\u00e1s destacados del evento fue la presentaci\u00f3n de los resultados de la Beca Idartes otorgada a la APBC. Durante este a\u00f1o, la beca permiti\u00f3 a nuestra asociaci\u00f3n: Fortalecer la red APBC: Ampliando las conexiones entre profesores, practicantes y comunidades. Implementar proyectos significativos: Intervenciones que llevaron la educaci\u00f3n bioc\u00e9ntrica a nuevos sectores, generando bienestar y transformaci\u00f3n social. Promover la profesionalizaci\u00f3n de la biodanza: Posicion\u00e1ndola como una disciplina reconocida en el \u00e1mbito art\u00edstico, educativo y empresarial. \u00a0 Este espacio permiti\u00f3 reflexionar sobre el impacto de nuestras acciones en diversos sectores como la salud, la educaci\u00f3n, el empresarial y el comunitario. Tambi\u00e9n se proyectaron ideas para continuar expandiendo el alcance de la biodanza en los a\u00f1os venideros. Fortaleciendo la Comunidad El Encuentro Nacional fue un verdadero tejido de historias, experiencias y aprendizajes compartidos. Cada participante aport\u00f3 desde su visi\u00f3n y vivencias, lo que nos record\u00f3 la riqueza de nuestra comunidad y la importancia de continuar trabajando juntos. Adem\u00e1s, fue una oportunidad para reconocer y agradecer el esfuerzo colectivo que ha hecho posible los avances de este a\u00f1o, as\u00ed como para renovar nuestro compromiso con la transformaci\u00f3n social a trav\u00e9s de la biodanza. Revive los Momentos A continuaci\u00f3n, compartimos algunas de las im\u00e1genes m\u00e1s memorables del encuentro. Cada fotograf\u00eda refleja la magia y la conexi\u00f3n que vivimos juntos en este d\u00eda tan especial. \u00a0 \ud83c\udf08 \u00a1Gracias por ser parte de esta experiencia! Agradecemos profundamente a cada uno de los asistentes y a todos los que han apoyado nuestra labor durante este a\u00f1o. Este encuentro no solo cierra un ciclo, sino que abre las puertas a nuevas posibilidades para la APBC Red Dancemos Juntos y para el futuro de la biodanza en Colombia. Sigamos danzando, conectando y construyendo un mundo m\u00e1s humano, sensible y lleno de vida. \u00abJuntos celebramos la vida, la danza y los sue\u00f1os cumplidos.\u00bbEquipo APBC\" \/>\n<meta property=\"og:url\" content=\"https:\/\/dancemosjuntos.org\/Home\/encuentro-nacional-apbc-red-dancemos-juntos-2024\/\" \/>\n<meta property=\"og:site_name\" content=\"APBC Red Dancemos Juntos\" \/>\n<meta property=\"article:publisher\" content=\"https:\/\/www.facebook.com\/APBC.RedDancemosJuntos\/\" \/>\n<meta property=\"article:modified_time\" content=\"2025-11-14T20:36:26+00:00\" \/>\n<meta property=\"og:image\" content=\"https:\/\/s.w.org\/images\/core\/emoji\/15.0.3\/svg\/1f31f.svg\" \/>\n<meta name=\"twitter:card\" content=\"summary_large_image\" \/>\n<meta name=\"twitter:label1\" content=\"Tiempo de lectura\" \/>\n\t<meta name=\"twitter:data1\" content=\"2 minutos\" \/>\n<script type=\"application\/ld+json\" class=\"yoast-schema-graph\">{\"@context\":\"https:\\\/\\\/schema.org\",\"@graph\":[{\"@type\":\"WebPage\",\"@id\":\"https:\\\/\\\/dancemosjuntos.org\\\/Home\\\/encuentro-nacional-apbc-red-dancemos-juntos-2024\\\/\",\"url\":\"https:\\\/\\\/dancemosjuntos.org\\\/Home\\\/encuentro-nacional-apbc-red-dancemos-juntos-2024\\\/\",\"name\":\"Encuentro Nacional APBC Red Dancemos Juntos 2024 - APBC Red Dancemos Juntos\",\"isPartOf\":{\"@id\":\"https:\\\/\\\/dancemosjuntos.org\\\/Home\\\/#website\"},\"primaryImageOfPage\":{\"@id\":\"https:\\\/\\\/dancemosjuntos.org\\\/Home\\\/encuentro-nacional-apbc-red-dancemos-juntos-2024\\\/#primaryimage\"},\"image\":{\"@id\":\"https:\\\/\\\/dancemosjuntos.org\\\/Home\\\/encuentro-nacional-apbc-red-dancemos-juntos-2024\\\/#primaryimage\"},\"thumbnailUrl\":\"https:\\\/\\\/s.w.org\\\/images\\\/core\\\/emoji\\\/15.0.3\\\/svg\\\/1f31f.svg\",\"datePublished\":\"2024-12-03T19:35:47+00:00\",\"dateModified\":\"2025-11-14T20:36:26+00:00\",\"breadcrumb\":{\"@id\":\"https:\\\/\\\/dancemosjuntos.org\\\/Home\\\/encuentro-nacional-apbc-red-dancemos-juntos-2024\\\/#breadcrumb\"},\"inLanguage\":\"es\",\"potentialAction\":[{\"@type\":\"ReadAction\",\"target\":[\"https:\\\/\\\/dancemosjuntos.org\\\/Home\\\/encuentro-nacional-apbc-red-dancemos-juntos-2024\\\/\"]}]},{\"@type\":\"ImageObject\",\"inLanguage\":\"es\",\"@id\":\"https:\\\/\\\/dancemosjuntos.org\\\/Home\\\/encuentro-nacional-apbc-red-dancemos-juntos-2024\\\/#primaryimage\",\"url\":\"https:\\\/\\\/s.w.org\\\/images\\\/core\\\/emoji\\\/15.0.3\\\/svg\\\/1f31f.svg\",\"contentUrl\":\"https:\\\/\\\/s.w.org\\\/images\\\/core\\\/emoji\\\/15.0.3\\\/svg\\\/1f31f.svg\"},{\"@type\":\"BreadcrumbList\",\"@id\":\"https:\\\/\\\/dancemosjuntos.org\\\/Home\\\/encuentro-nacional-apbc-red-dancemos-juntos-2024\\\/#breadcrumb\",\"itemListElement\":[{\"@type\":\"ListItem\",\"position\":1,\"name\":\"Portada\",\"item\":\"https:\\\/\\\/dancemosjuntos.org\\\/Home\\\/\"},{\"@type\":\"ListItem\",\"position\":2,\"name\":\"Encuentro Nacional APBC Red Dancemos Juntos 2024\"}]},{\"@type\":\"WebSite\",\"@id\":\"https:\\\/\\\/dancemosjuntos.org\\\/Home\\\/#website\",\"url\":\"https:\\\/\\\/dancemosjuntos.org\\\/Home\\\/\",\"name\":\"APBC Red Dancemos Juntos\",\"description\":\"APBC\",\"publisher\":{\"@id\":\"https:\\\/\\\/dancemosjuntos.org\\\/Home\\\/#organization\"},\"potentialAction\":[{\"@type\":\"SearchAction\",\"target\":{\"@type\":\"EntryPoint\",\"urlTemplate\":\"https:\\\/\\\/dancemosjuntos.org\\\/Home\\\/?s={search_term_string}\"},\"query-input\":{\"@type\":\"PropertyValueSpecification\",\"valueRequired\":true,\"valueName\":\"search_term_string\"}}],\"inLanguage\":\"es\"},{\"@type\":\"Organization\",\"@id\":\"https:\\\/\\\/dancemosjuntos.org\\\/Home\\\/#organization\",\"name\":\"APBC Red Dancemos Juntos\",\"url\":\"https:\\\/\\\/dancemosjuntos.org\\\/Home\\\/\",\"logo\":{\"@type\":\"ImageObject\",\"inLanguage\":\"es\",\"@id\":\"https:\\\/\\\/dancemosjuntos.org\\\/Home\\\/#\\\/schema\\\/logo\\\/image\\\/\",\"url\":\"https:\\\/\\\/dancemosjuntos.org\\\/Home\\\/wp-content\\\/uploads\\\/2022\\\/12\\\/logo-FINAL.png\",\"contentUrl\":\"https:\\\/\\\/dancemosjuntos.org\\\/Home\\\/wp-content\\\/uploads\\\/2022\\\/12\\\/logo-FINAL.png\",\"width\":812,\"height\":490,\"caption\":\"APBC Red Dancemos Juntos\"},\"image\":{\"@id\":\"https:\\\/\\\/dancemosjuntos.org\\\/Home\\\/#\\\/schema\\\/logo\\\/image\\\/\"},\"sameAs\":[\"https:\\\/\\\/www.facebook.com\\\/APBC.RedDancemosJuntos\\\/\",\"https:\\\/\\\/www.instagram.com\\\/reddancemosjuntos\\\/\"]}]}<\/script>\n<!-- \/ Yoast SEO plugin. -->","yoast_head_json":{"title":"Encuentro Nacional APBC Red Dancemos Juntos 2024 - APBC Red Dancemos Juntos","robots":{"index":"index","follow":"follow","max-snippet":"max-snippet:-1","max-image-preview":"max-image-preview:large","max-video-preview":"max-video-preview:-1"},"canonical":"https:\/\/dancemosjuntos.org\/Home\/encuentro-nacional-apbc-red-dancemos-juntos-2024\/","og_locale":"es_ES","og_type":"article","og_title":"Encuentro Nacional APBC Red Dancemos Juntos 2024 - APBC Red Dancemos Juntos","og_description":"Encuentro Nacional APBC Red Dancemos Juntos 2024: Celebrando un A\u00f1o de Transformaci\u00f3n y Conexi\u00f3n El pasado 23 de noviembre de 2024, la Asociaci\u00f3n de Profesores de Biodanza de Colombia (APBC) vivi\u00f3 un d\u00eda lleno de energ\u00eda, alegr\u00eda y conexi\u00f3n en el Encuentro Nacional APBC Red Dancemos Juntos 2024, realizado en el CIEC Bogot\u00e1 \u2013 Sal\u00f3n 2. Un Encuentro Exitoso Con la participaci\u00f3n de m\u00e1s de 40 personas, el evento fue un rotundo \u00e9xito que dej\u00f3 huella en nuestra comunidad. Tuvimos la oportunidad de danzar juntos, compartiendo el lenguaje universal del movimiento, que fortalece los lazos entre biodanzantes y genera un espacio de conexi\u00f3n humana profunda. Este encuentro no solo fue una celebraci\u00f3n de los logros alcanzados en el 2024, sino tambi\u00e9n un momento de inspiraci\u00f3n para so\u00f1ar juntos el futuro de la biodanza en Colombia. Resultados de la Beca Idartes Uno de los momentos m\u00e1s destacados del evento fue la presentaci\u00f3n de los resultados de la Beca Idartes otorgada a la APBC. Durante este a\u00f1o, la beca permiti\u00f3 a nuestra asociaci\u00f3n: Fortalecer la red APBC: Ampliando las conexiones entre profesores, practicantes y comunidades. Implementar proyectos significativos: Intervenciones que llevaron la educaci\u00f3n bioc\u00e9ntrica a nuevos sectores, generando bienestar y transformaci\u00f3n social. Promover la profesionalizaci\u00f3n de la biodanza: Posicion\u00e1ndola como una disciplina reconocida en el \u00e1mbito art\u00edstico, educativo y empresarial. \u00a0 Este espacio permiti\u00f3 reflexionar sobre el impacto de nuestras acciones en diversos sectores como la salud, la educaci\u00f3n, el empresarial y el comunitario. Tambi\u00e9n se proyectaron ideas para continuar expandiendo el alcance de la biodanza en los a\u00f1os venideros. Fortaleciendo la Comunidad El Encuentro Nacional fue un verdadero tejido de historias, experiencias y aprendizajes compartidos. Cada participante aport\u00f3 desde su visi\u00f3n y vivencias, lo que nos record\u00f3 la riqueza de nuestra comunidad y la importancia de continuar trabajando juntos. Adem\u00e1s, fue una oportunidad para reconocer y agradecer el esfuerzo colectivo que ha hecho posible los avances de este a\u00f1o, as\u00ed como para renovar nuestro compromiso con la transformaci\u00f3n social a trav\u00e9s de la biodanza. Revive los Momentos A continuaci\u00f3n, compartimos algunas de las im\u00e1genes m\u00e1s memorables del encuentro. Cada fotograf\u00eda refleja la magia y la conexi\u00f3n que vivimos juntos en este d\u00eda tan especial. \u00a0 \ud83c\udf08 \u00a1Gracias por ser parte de esta experiencia! Agradecemos profundamente a cada uno de los asistentes y a todos los que han apoyado nuestra labor durante este a\u00f1o. Este encuentro no solo cierra un ciclo, sino que abre las puertas a nuevas posibilidades para la APBC Red Dancemos Juntos y para el futuro de la biodanza en Colombia. Sigamos danzando, conectando y construyendo un mundo m\u00e1s humano, sensible y lleno de vida. \u00abJuntos celebramos la vida, la danza y los sue\u00f1os cumplidos.\u00bbEquipo APBC","og_url":"https:\/\/dancemosjuntos.org\/Home\/encuentro-nacional-apbc-red-dancemos-juntos-2024\/","og_site_name":"APBC Red Dancemos Juntos","article_publisher":"https:\/\/www.facebook.com\/APBC.RedDancemosJuntos\/","article_modified_time":"2025-11-14T20:36:26+00:00","og_image":[{"url":"https:\/\/s.w.org\/images\/core\/emoji\/15.0.3\/svg\/1f31f.svg","type":"","width":"","height":""}],"twitter_card":"summary_large_image","twitter_misc":{"Tiempo de lectura":"2 minutos"},"schema":{"@context":"https:\/\/schema.org","@graph":[{"@type":"WebPage","@id":"https:\/\/dancemosjuntos.org\/Home\/encuentro-nacional-apbc-red-dancemos-juntos-2024\/","url":"https:\/\/dancemosjuntos.org\/Home\/encuentro-nacional-apbc-red-dancemos-juntos-2024\/","name":"Encuentro Nacional APBC Red Dancemos Juntos 2024 - APBC Red Dancemos Juntos","isPartOf":{"@id":"https:\/\/dancemosjuntos.org\/Home\/#website"},"primaryImageOfPage":{"@id":"https:\/\/dancemosjuntos.org\/Home\/encuentro-nacional-apbc-red-dancemos-juntos-2024\/#primaryimage"},"image":{"@id":"https:\/\/dancemosjuntos.org\/Home\/encuentro-nacional-apbc-red-dancemos-juntos-2024\/#primaryimage"},"thumbnailUrl":"https:\/\/s.w.org\/images\/core\/emoji\/15.0.3\/svg\/1f31f.svg","datePublished":"2024-12-03T19:35:47+00:00","dateModified":"2025-11-14T20:36:26+00:00","breadcrumb":{"@id":"https:\/\/dancemosjuntos.org\/Home\/encuentro-nacional-apbc-red-dancemos-juntos-2024\/#breadcrumb"},"inLanguage":"es","potentialAction":[{"@type":"ReadAction","target":["https:\/\/dancemosjuntos.org\/Home\/encuentro-nacional-apbc-red-dancemos-juntos-2024\/"]}]},{"@type":"ImageObject","inLanguage":"es","@id":"https:\/\/dancemosjuntos.org\/Home\/encuentro-nacional-apbc-red-dancemos-juntos-2024\/#primaryimage","url":"https:\/\/s.w.org\/images\/core\/emoji\/15.0.3\/svg\/1f31f.svg","contentUrl":"https:\/\/s.w.org\/images\/core\/emoji\/15.0.3\/svg\/1f31f.svg"},{"@type":"BreadcrumbList","@id":"https:\/\/dancemosjuntos.org\/Home\/encuentro-nacional-apbc-red-dancemos-juntos-2024\/#breadcrumb","itemListElement":[{"@type":"ListItem","position":1,"name":"Portada","item":"https:\/\/dancemosjuntos.org\/Home\/"},{"@type":"ListItem","position":2,"name":"Encuentro Nacional APBC Red Dancemos Juntos 2024"}]},{"@type":"WebSite","@id":"https:\/\/dancemosjuntos.org\/Home\/#website","url":"https:\/\/dancemosjuntos.org\/Home\/","name":"APBC Red Dancemos Juntos","description":"APBC","publisher":{"@id":"https:\/\/dancemosjuntos.org\/Home\/#organization"},"potentialAction":[{"@type":"SearchAction","target":{"@type":"EntryPoint","urlTemplate":"https:\/\/dancemosjuntos.org\/Home\/?s={search_term_string}"},"query-input":{"@type":"PropertyValueSpecification","valueRequired":true,"valueName":"search_term_string"}}],"inLanguage":"es"},{"@type":"Organization","@id":"https:\/\/dancemosjuntos.org\/Home\/#organization","name":"APBC Red Dancemos Juntos","url":"https:\/\/dancemosjuntos.org\/Home\/","logo":{"@type":"ImageObject","inLanguage":"es","@id":"https:\/\/dancemosjuntos.org\/Home\/#\/schema\/logo\/image\/","url":"https:\/\/dancemosjuntos.org\/Home\/wp-content\/uploads\/2022\/12\/logo-FINAL.png","contentUrl":"https:\/\/dancemosjuntos.org\/Home\/wp-content\/uploads\/2022\/12\/logo-FINAL.png","width":812,"height":490,"caption":"APBC Red Dancemos Juntos"},"image":{"@id":"https:\/\/dancemosjuntos.org\/Home\/#\/schema\/logo\/image\/"},"sameAs":["https:\/\/www.facebook.com\/APBC.RedDancemosJuntos\/","https:\/\/www.instagram.com\/reddancemosjuntos\/"]}]}},"_links":{"self":[{"href":"https:\/\/dancemosjuntos.org\/Home\/wp-json\/wp\/v2\/pages\/2922","targetHints":{"allow":["GET"]}}],"collection":[{"href":"https:\/\/dancemosjuntos.org\/Home\/wp-json\/wp\/v2\/pages"}],"about":[{"href":"https:\/\/dancemosjuntos.org\/Home\/wp-json\/wp\/v2\/types\/page"}],"author":[{"embeddable":true,"href":"https:\/\/dancemosjuntos.org\/Home\/wp-json\/wp\/v2\/users\/1"}],"replies":[{"embeddable":true,"href":"https:\/\/dancemosjuntos.org\/Home\/wp-json\/wp\/v2\/comments?post=2922"}],"version-history":[{"count":1,"href":"https:\/\/dancemosjuntos.org\/Home\/wp-json\/wp\/v2\/pages\/2922\/revisions"}],"predecessor-version":[{"id":5460,"href":"https:\/\/dancemosjuntos.org\/Home\/wp-json\/wp\/v2\/pages\/2922\/revisions\/5460"}],"wp:attachment":[{"href":"https:\/\/dancemosjuntos.org\/Home\/wp-json\/wp\/v2\/media?parent=2922"}],"curies":[{"name":"wp","href":"https:\/\/api.w.org\/{rel}","templated":true}]}}